{"id":487,"date":"2016-10-09T21:31:47","date_gmt":"2016-10-10T01:31:47","guid":{"rendered":"http:\/\/www.gillesschetagne.com\/?page_id=487"},"modified":"2020-05-31T12:36:31","modified_gmt":"2020-05-31T16:36:31","slug":"experiences","status":"publish","type":"page","link":"https:\/\/www.gillesschetagne.com\/?page_id=487","title":{"rendered":"Exp\u00e9riences"},"content":{"rendered":"<p><a id=\"#top\"><\/a>Des exp\u00e9riences enrichissantes<\/p>\n<p>En 1974, j\u2019ai du laisser de c\u00f4t\u00e9 mes accompagnements d\u2019artistes vedettes afin de parfaire mon examen concours qui \u00e9tait l\u2019aboutissement final de mes \u00e9tudes en percussion au Conservatoire. Je devais donc faire partie de tous les ensembles musicaux de l\u2019\u00e9tablissement. J\u2019ai fait mes premi\u00e8res armes dans le jazz avec \u00abL\u2019ensemble de jazz du conservatoire\u00bb sous la direction de Nick Ayoub. Je devais aussi, faire toutes les r\u00e9p\u00e9titions et les concerts de l\u2019orchestre (symphonique) des jeunes du conservatoire ainsi que celui des grands. J\u2019ai eu la chance de faire quelques exp\u00e9riences dans le classique avec l\u2019Orchestre du Canada. J\u2019ai aussi travaill\u00e9 un peu dans de petites bo\u00eetes avec Shakey All band (Blues).<\/p>\n<p>En 1975, me voil\u00e0 devenu musicien \u00e0 la pige. J\u2019ai donc recommenc\u00e9 \u00e0 accompagner des artistes en tourn\u00e9e avec feu Claude-L\u00e9veill\u00e9e puis, Rao\u00fbl Duguay. J\u2019ai eu une exp\u00e9rience dans la musique de th\u00e9\u00e2tre dans Le bonhomme 7 heures au Th\u00e9\u00e2tre de Quat\u2019Sous. Il y eut aussi des m\u00e9ga-spectacles de la St-Jean sur la montagne avec Rao\u00fbl Duguay et Maneige.<\/p>\n<p>J\u2019ai aussi particip\u00e9 aux enregistrements de musique pour les s\u00e9ries t\u00e9l\u00e9vis\u00e9es Jo Magazine Olympique et Y\u2019a pas de Probl\u00e8mes sous la direction de Herbert Ruff. J\u2019ai eu la chance et je dois dire que c\u2019est l\u00e0 que je me suis fait casser pour ainsi dire avec le merveilleux musicien qu\u2019\u00e9tait L\u2019Oncle Herbert . Moi qui l\u2019avais tellement \u00e9cout\u00e9 dans ma tendre enfance dans \u00ab La bo\u00eete \u00e0 surprises \u00bb. Ce monsieur avait tellement d\u2019exp\u00e9rience puisqu\u2019il \u00e9tait l\u00e0 depuis le d\u00e9but de la t\u00e9l\u00e9vision dans les ann\u00e9es 50 et qu\u2019il \u00e9tait habitu\u00e9 de travailler en direct. Il n&#8217;\u00e9tait jamais question de reprendre quoi que se soit, on \u00e9coutait \u00e0 peine quelques mesures de ce que l\u2019on venait d\u2019enregistrer et il s\u2019exclamait toujours \u00ab Ha, c\u2019est tr\u00e8s bien \u00bb. On ne recommen\u00e7ait jamais et puis il me faisait ajouter des pistes de percussion par-dessus mes pistes de batterie. Dans le temps qu\u2019il avait d\u2019allou\u00e9 en studio pour enregistrer une \u00e9mission, il en faisait parfois 3 ou 4. La veille de travailler avec lui, je me couchais toujours tr\u00e8s de bonne heure\u2026<br \/>\nJ\u2019ai aussi eu la chance d\u2019exp\u00e9rimenter le cin\u00e9ma bien malgr\u00e9 moi. \u00c0 cause d\u2019une annonce publicitaire de Maneige dans un journal local, j\u2019apparaissais au centre de la photo du groupe et un r\u00e9alisateur m\u2019a remarqu\u00e9. Il a donc contact\u00e9 l\u2019agence du groupe pour prendre mes coordonn\u00e9es. Il m\u2019a fait passer quelques tests et m\u2019a rappel\u00e9 quelques jours plus tard pour m\u2019engager \u00e0 titre d\u2019acteur principal. Il s\u2019agissait d\u2019un r\u00f4le de terroriste. C\u2019\u00e9tait un film de Fran\u00e7ois Brault \u00ab M\u2019en revenant par les \u00e9pinettes \u00bb.<\/p>\n<p><a href=\"http:\/\/www.gillesschetagne.com\/wp-content\/uploads\/2016\/09\/img_0349.jpg\"><img loading=\"lazy\" decoding=\"async\" class=\" wp-image-258 aligncenter\" src=\"https:\/\/www.gillesschetagne.com\/wp-content\/uploads\/2016\/09\/img_0349.jpg\" alt=\"img_0349\" width=\"337\" height=\"599\" srcset=\"https:\/\/www.gillesschetagne.com\/wp-content\/uploads\/2016\/09\/img_0349.jpg 319w, https:\/\/www.gillesschetagne.com\/wp-content\/uploads\/2016\/09\/img_0349-100x178.jpg 100w, https:\/\/www.gillesschetagne.com\/wp-content\/uploads\/2016\/09\/img_0349-169x300.jpg 169w\" sizes=\"auto, (max-width: 337px) 100vw, 337px\" \/><\/a><\/p>\n<p>Quelle surprise! \u00c9tant certain de ne pas \u00eatre engag\u00e9 comme acteur, je lui avais propos\u00e9 de faire la musique du film. Mais, il avait d\u00e9j\u00e0 tout organis\u00e9 de ce c\u00f4t\u00e9-l\u00e0 avant de me conna\u00eetre. J\u2019ai quand m\u00eame cr\u00e9\u00e9 un th\u00e8me musical pour mon plaisir qui peut \u00eatre entendu sur l\u2019album \u00abNi vent ni nouvelle\u00bb de Maneige. La pi\u00e8ce s\u2019intitule \u00abLes \u00e9pinettes\u00bb.<br \/>\nDeux ans plus tard, j\u2019ai vu une annonce que le film passait dans un th\u00e9\u00e2tre \u00e0 Montr\u00e9al et comme je ne l\u2019avais vu, j\u2019\u00e9tais tr\u00e8s curieux de le voir et j\u2019ai pay\u00e9 3 dollars pour entrer et je l\u2019ai vu.<\/p>\n<p><a href=\"http:\/\/www.gillesschetagne.com\/wp-content\/uploads\/2016\/09\/epinettes.jpg\"><img loading=\"lazy\" decoding=\"async\" class=\"size-full wp-image-237 aligncenter\" src=\"https:\/\/www.gillesschetagne.com\/wp-content\/uploads\/2016\/09\/epinettes.jpg\" alt=\"epinettes\" width=\"503\" height=\"932\" srcset=\"https:\/\/www.gillesschetagne.com\/wp-content\/uploads\/2016\/09\/epinettes.jpg 503w, https:\/\/www.gillesschetagne.com\/wp-content\/uploads\/2016\/09\/epinettes-400x741.jpg 400w, https:\/\/www.gillesschetagne.com\/wp-content\/uploads\/2016\/09\/epinettes-162x300.jpg 162w\" sizes=\"auto, (max-width: 503px) 100vw, 503px\" \/><\/a><\/p>\n<p>1976 fut une ann\u00e9e tr\u00e8s prolifique. J\u2019ai eu l\u2019honneur de faire partie des musiciens qui accompagnaient (Les 5 grands) \u00e0 la St-Jean sur la montagne (300,000 spectateurs). Ensuite j\u2019ai fait une tourn\u00e9e du Qu\u00e9bec et du nord de l\u2019Ontario avec Jean-Pierre Ferland.<br \/>\nEn 1977 j\u2019ai eu le grand plaisir d\u2019accompagner Marie Philippe avec Denis Larochelle et Andr\u00e9 Vincelli.<\/p>\n<p>Entre 1978 et 1986, Pierre-Labelle et Louise Latraverse au Th\u00e9\u00e2tre Ste-Marguerite, Fran\u00e7ois Guy, Ren\u00e9e Martel, Michel Rivard, J\u00e9r\u00f4me Langlois (lui-m\u00eame un ex Maneige qui m\u2019engageait souvent pour colorer ses cr\u00e9ations), R\u00e9gis Simard, Benny Barbara, Paul Beauregard, R\u00e9gis B\u00e9langer, Jean-Pierre Fr\u00e9chette, David Scott, Sylvie Jasmin, Michel Brouillette, Wharren Stolow, Michel Dulac. C\u2019\u00e9tait assez vari\u00e9 comme \u00e9ventail musical.<\/p>\n<p>J\u2019ai aussi exp\u00e9riment\u00e9 la musique de danse populaire et folklorique en travaillant au Vieux Munich avec des orchestres plut\u00f4t constitu\u00e9s de musiciens europ\u00e9ens comme Hubert Renfert, Tony Perko, Carl Binoveck. J\u2019ai aussi souvent travaill\u00e9 au Club H\u00e9lios qui se sp\u00e9cialisait dans la danse sociale.<\/p>\n<p style=\"text-align: center;\"><a href=\"http:\/\/www.gillesschetagne.com\/wp-content\/uploads\/2016\/09\/radiokebec.jpg\"><img loading=\"lazy\" decoding=\"async\" class=\"wp-image-292 aligncenter\" src=\"https:\/\/www.gillesschetagne.com\/wp-content\/uploads\/2016\/09\/radiokebec.jpg\" alt=\"radiokebec\" width=\"554\" height=\"444\" srcset=\"https:\/\/www.gillesschetagne.com\/wp-content\/uploads\/2016\/09\/radiokebec.jpg 359w, https:\/\/www.gillesschetagne.com\/wp-content\/uploads\/2016\/09\/radiokebec-100x80.jpg 100w, https:\/\/www.gillesschetagne.com\/wp-content\/uploads\/2016\/09\/radiokebec-300x241.jpg 300w\" sizes=\"auto, (max-width: 554px) 100vw, 554px\" \/><\/a>Avec Jocelyn B\u00e9rub\u00e9 au Parc Jarry \u00abSur le gazon\u00bb pour Radio-K\u00e9bec.<\/p>\n<p>&nbsp;<\/p>\n<p>En 1987 Johnny Farago d\u00e9cide d\u2019engager \u00e0 son cabaret \u00ab La vie en rose \u00bb l\u2019Orchestre Ball Room de Pierre Millette dont je faisais partie depuis quelque temps et j&#8217;ai fait la rencontre de Alfredo Giacomo Farago \u00e0 la basse. Nous \u00e9tions\u00a0l\u2019orchestre maison donc, en plus d\u2019accompagner Johnny tous les soirs, nous avions la t\u00e2che d\u2019accompagner tous les artistes invit\u00e9s \u00e0 chaque semaine.<\/p>\n<p>\u00c0 peu pr\u00e8s tous les artistes de vari\u00e9t\u00e9s de l\u2019\u00e9poque y passaient, \u00e7a allait de feu Dino-l\u2019Esp\u00e9rance \u00e0 feu Rosita-Salvador et feu Claude-Blanchard pour ne nommer que ceux-l\u00e0.<\/p>\n<p>Et c\u2019est \u00e0 ce moment l\u00e0 que j\u2019entreprends des \u00e9tudes \u00e0 L\u2019UQAM qui me m\u00e8neront \u00e0 l\u2019obtention d\u2019un bac en musique ainsi qu\u2019un permis d\u2019enseigner&#8230;<\/p>\n<p><a href=\"http:\/\/www.gillesschetagne.com\/wp-content\/uploads\/2016\/09\/img_0347.jpg\"><img loading=\"lazy\" decoding=\"async\" class=\"wp-image-257 size-full aligncenter\" src=\"https:\/\/www.gillesschetagne.com\/wp-content\/uploads\/2016\/09\/img_0347-e1476063633673.jpg\" alt=\"img_0347\" width=\"623\" height=\"385\" srcset=\"https:\/\/www.gillesschetagne.com\/wp-content\/uploads\/2016\/09\/img_0347-e1476063633673.jpg 623w, https:\/\/www.gillesschetagne.com\/wp-content\/uploads\/2016\/09\/img_0347-e1476063633673-400x247.jpg 400w, https:\/\/www.gillesschetagne.com\/wp-content\/uploads\/2016\/09\/img_0347-e1476063633673-600x371.jpg 600w, https:\/\/www.gillesschetagne.com\/wp-content\/uploads\/2016\/09\/img_0347-e1476063633673-300x185.jpg 300w\" sizes=\"auto, (max-width: 623px) 100vw, 623px\" \/><\/a><a href=\"http:\/\/www.gillesschetagne.com\/wp-content\/uploads\/2016\/09\/permis_opt.jpg\"><img loading=\"lazy\" decoding=\"async\" class=\"aligncenter wp-image-291 \" src=\"https:\/\/www.gillesschetagne.com\/wp-content\/uploads\/2016\/09\/permis_opt-e1476063686817.jpg\" alt=\"permis_opt\" width=\"623\" height=\"393\" srcset=\"https:\/\/www.gillesschetagne.com\/wp-content\/uploads\/2016\/09\/permis_opt-e1476063686817.jpg 632w, https:\/\/www.gillesschetagne.com\/wp-content\/uploads\/2016\/09\/permis_opt-e1476063686817-400x253.jpg 400w, https:\/\/www.gillesschetagne.com\/wp-content\/uploads\/2016\/09\/permis_opt-e1476063686817-600x379.jpg 600w, https:\/\/www.gillesschetagne.com\/wp-content\/uploads\/2016\/09\/permis_opt-e1476063686817-300x189.jpg 300w\" sizes=\"auto, (max-width: 623px) 100vw, 623px\" \/><\/a><\/p>\n<p>En 1988, j\u2019\u00e9tais tr\u00e8s occup\u00e9 \u00e0 faire conna\u00eetre le groupe Schetagne.<\/p>\n<p>Et puis en 1989 et 90 j\u2019ai commenc\u00e9 \u00e0 enseigner la musique dans les \u00e9coles en plus d\u2019accompagner plusieurs artistes tel que Les Bougalous, Patrice Bissonnette, Orchestre Ball room de Pierre Millette, Sylvie Jasmin,<br \/>\nDuke, Revue Cabaret, Jo Bocan, l\u2019ensemble de Anzo Matera, Carl Tremblay, Jerry Devilliers (p\u00e8re) Dan Bigras, Tony Perko, Martin Perron, Roland Du Sablon, Greg Morisson, Le big band de R\u00e9gis B\u00e9langer.<\/p>\n<p>En 1991, j\u2019ai fait une rencontre qui changera le cours des choses. J\u2019enseignais la musique \u00e0 temps plein et mon groupe SCHETAGNE commen\u00e7ait \u00e0 tourner en rond souffrant de plan de carri\u00e8re.<br \/>\nJ\u2019ai commenc\u00e9 \u00e0 accompagner Stephen Faulkner avec Jean Cyr \u00e0 la contrebasse. Cette union durera 10 ans.<\/p>\n<p><a href=\"http:\/\/www.gillesschetagne.com\/wp-content\/uploads\/2016\/09\/ricksteve.jpg\"><img loading=\"lazy\" decoding=\"async\" class=\"wp-image-296 aligncenter\" src=\"https:\/\/www.gillesschetagne.com\/wp-content\/uploads\/2016\/09\/ricksteve.jpg\" alt=\"ricksteve\" width=\"570\" height=\"402\" srcset=\"https:\/\/www.gillesschetagne.com\/wp-content\/uploads\/2016\/09\/ricksteve.jpg 400w, https:\/\/www.gillesschetagne.com\/wp-content\/uploads\/2016\/09\/ricksteve-300x212.jpg 300w\" sizes=\"auto, (max-width: 570px) 100vw, 570px\" \/><\/a><\/p>\n<p>De cet \u00e9quipe en est sorti deux albums : Caboose FB 1001-2 et Tessons D\u2019aur\u00e9ole IMP 01. Nous avons aussi particip\u00e9 \u00e0 quelques titres sur Stephen Faulkner Cassonade Anthologie 1975-1992 qu\u00e9-2-1101<\/p>\n<p>Nous avons aussi enregistr\u00e9 quelques \u00e9missions comme Multipiste \u00e0 RC et le dernier spectacle avec auquel j\u2019ai particip\u00e9 avec Stephen, l\u2019\u00e9mission de Radio-Qu\u00e9bec (Les Choix de Sophie),<br \/>\nNous sommes all\u00e9s quelques fois \u00e0 Vancouver et avons fait beaucoup de spectacles d\u2019envergure comme le Festival des Am\u00e9riques et le mus\u00e9e des Civilisations \u00e0 Qu\u00e9bec, au Lion D\u2019Or, au Parc La fontaine et au Parc Maisonneuve pour la CSN (75,000 spectateurs,<br \/>\nun spectacle \u00e0 L\u2019Olympia de Paris lors des jeux de la francophonies, la Place des arts ( th\u00e9\u00e2tre Du Maurier), les Francofolies \u00e0 Montr\u00e9al avec Les retrouvailles de Pl\u00fbme et Cassonade, La Licorne, en fait, on allait un peu partout.<\/p>\n<p>En 1995, on a fait le spectacle de la St-Jean sur les laines D\u2019Abraham \u00e0 Qu\u00e9bec avec Karen Young, Normand Lachapelle, Carl Tremblay (125,000 spectateurs).<\/p>\n<p><a href=\"http:\/\/www.gillesschetagne.com\/wp-content\/uploads\/2016\/09\/article-cas2.jpg\"><img loading=\"lazy\" decoding=\"async\" class=\" wp-image-225 aligncenter\" src=\"https:\/\/www.gillesschetagne.com\/wp-content\/uploads\/2016\/09\/article-cas2.jpg\" alt=\"article-cas2\" width=\"808\" height=\"538\" srcset=\"https:\/\/www.gillesschetagne.com\/wp-content\/uploads\/2016\/09\/article-cas2.jpg 915w, https:\/\/www.gillesschetagne.com\/wp-content\/uploads\/2016\/09\/article-cas2-400x266.jpg 400w, https:\/\/www.gillesschetagne.com\/wp-content\/uploads\/2016\/09\/article-cas2-800x532.jpg 800w, https:\/\/www.gillesschetagne.com\/wp-content\/uploads\/2016\/09\/article-cas2-300x200.jpg 300w, https:\/\/www.gillesschetagne.com\/wp-content\/uploads\/2016\/09\/article-cas2-768x511.jpg 768w\" sizes=\"auto, (max-width: 808px) 100vw, 808px\" \/><\/a><\/p>\n<p><a href=\"http:\/\/www.gillesschetagne.com\/wp-content\/uploads\/2016\/09\/article-sur-cas.jpg\"><img loading=\"lazy\" decoding=\"async\" class=\"size-full wp-image-226 aligncenter\" src=\"https:\/\/www.gillesschetagne.com\/wp-content\/uploads\/2016\/09\/article-sur-cas.jpg\" alt=\"article-sur-cas\" width=\"625\" height=\"832\" srcset=\"https:\/\/www.gillesschetagne.com\/wp-content\/uploads\/2016\/09\/article-sur-cas.jpg 625w, https:\/\/www.gillesschetagne.com\/wp-content\/uploads\/2016\/09\/article-sur-cas-400x532.jpg 400w, https:\/\/www.gillesschetagne.com\/wp-content\/uploads\/2016\/09\/article-sur-cas-600x799.jpg 600w, https:\/\/www.gillesschetagne.com\/wp-content\/uploads\/2016\/09\/article-sur-cas-225x300.jpg 225w\" sizes=\"auto, (max-width: 625px) 100vw, 625px\" \/><\/a><\/p>\n<p>\u00c0 travers tout \u00e7a, j\u2019ai eu la chance de pouvoir exp\u00e9rimenter toutes sortes de musique comme la musique Dixieland avec Sweet Dixie, Red Hot Dixie, Bourbon Street,The Aces of Dixieland, l\u2019orchestre Dixie pour les Alouettes \u00e0 Montr\u00e9al durant 12 ann\u00e9es.<\/p>\n<p>Le blues avec Carl Tremblay, Dan Bigras, Greg Morisson, Little Jo and the Hurricanes et Duke.<\/p>\n<p>Le jazz avec Pierre B\u00e9lisle, Jacques-Andr\u00e9 Giroux, Yvon Limoges, Denis Beaupr\u00e9 L\u2019orchestre de Guy Limoges, la Revue Cabaret au Bourbon Street de Pte-Claire.<\/p>\n<p>Du Pop avec le Groupe Impact, le P\u2019tit Barda, Bob Carlisles, l\u2019orchestre pour le gala de Roger Sylvain au Meddley \u00e0 Montr\u00e9al, Johanne Lefebvre, Beno\u00eet Gauthier, Denis De Luca, l\u2019orchestre des Accord\u00e9ons Pop de Montr\u00e9al,<br \/>\nJean Nichol, Les Platters, Les Bougalous, Jo Bocan, Sylvie Jasmin<\/p>\n<p><a href=\"http:\/\/www.gillesschetagne.com\/wp-content\/uploads\/2016\/09\/leptitbarda.jpg\"><img loading=\"lazy\" decoding=\"async\" class=\"size-full wp-image-271 aligncenter\" src=\"https:\/\/www.gillesschetagne.com\/wp-content\/uploads\/2016\/09\/leptitbarda.jpg\" alt=\"leptitbarda\" width=\"529\" height=\"412\" srcset=\"https:\/\/www.gillesschetagne.com\/wp-content\/uploads\/2016\/09\/leptitbarda.jpg 529w, https:\/\/www.gillesschetagne.com\/wp-content\/uploads\/2016\/09\/leptitbarda-400x312.jpg 400w, https:\/\/www.gillesschetagne.com\/wp-content\/uploads\/2016\/09\/leptitbarda-300x234.jpg 300w\" sizes=\"auto, (max-width: 529px) 100vw, 529px\" \/><\/a><\/p>\n<p>Big band avec Jerry Devilliers (p\u00e8re), l\u2019Orchestre Ball room de Pierre Millette, R\u00e9gis B\u00e9langer<\/p>\n<p>Musique pour r\u00e9ceptions avec l\u2019ensemble de Anzo Matera, , Tony Perko, Martin Perron, Roland Du Sablon<\/p>\n<p>C\u00f4t\u00e9 musique originale, en 1990 j\u2019ai r\u00e9alis\u00e9 un d\u00e9mo des compositions de Patrice Bissonnette.<\/p>\n<p>M\u00eame si <a href=\"http:\/\/www.jeromelanglois.com\/\">J\u00e9r\u00f4me Langlois<\/a> avais quitt\u00e9 Maneige en 1976, j\u2019ai toujours continu\u00e9 \u00e0 l\u2019accompagner dans ses projets que ce soit en studio ou en spectacle.<\/p>\n<p>Je n\u2019ai jamais arr\u00eat\u00e9 d\u2019\u00e9crire de la musique et j\u2019ai toujours continu\u00e9 \u00e0 faire mes compositions personnelles m\u00eame si je ne les ai pas partag\u00e9es:<\/p>\n<p>En 1993, j\u2019ai compos\u00e9 et produit la musique pour 2 cassettes VHS (\u00e0 l\u2019\u00e9poque) de danse a\u00e9robique pour Jos\u00e9e Lavigueur vendues \u00e0 50,000 exemplaires.<\/p>\n<p>En 1994, J\u2019ai produit quelques compositions pour le document p\u00e9dagogique Clac sons.<\/p>\n<p>En 2002 c\u2019est le d\u00e9but des &#8220;<a href=\"http:\/\/www.tpmtl.ca\/bienvenue.html\">Tambours du Patrimoine<\/a>&#8221; et c\u2019est pour ce groupe que j\u2019avais \u00e9crit Empreinte, un canon \u00e0 trois voix car il y avait trois groupes qui s\u2019appelaient Les Tambours du Patrimoine, un \u00e0 Qu\u00e9bec, un \u00e0 Ottawa et celui de Montr\u00e9al.<\/p>\n<p style=\"text-align: center;\"><a href=\"http:\/\/www.gillesschetagne.com\/wp-content\/uploads\/2016\/09\/002.jpg\"><img loading=\"lazy\" decoding=\"async\" class=\"wp-image-202 aligncenter\" src=\"https:\/\/www.gillesschetagne.com\/wp-content\/uploads\/2016\/09\/002.jpg\" alt=\"002\" width=\"788\" height=\"591\" srcset=\"https:\/\/www.gillesschetagne.com\/wp-content\/uploads\/2016\/09\/002.jpg 830w, https:\/\/www.gillesschetagne.com\/wp-content\/uploads\/2016\/09\/002-400x300.jpg 400w, https:\/\/www.gillesschetagne.com\/wp-content\/uploads\/2016\/09\/002-800x600.jpg 800w, https:\/\/www.gillesschetagne.com\/wp-content\/uploads\/2016\/09\/002-300x225.jpg 300w, https:\/\/www.gillesschetagne.com\/wp-content\/uploads\/2016\/09\/002-768x576.jpg 768w\" sizes=\"auto, (max-width: 788px) 100vw, 788px\" \/><\/a>Ici ( <a href=\"http:\/\/vimeo.com\/78264145\">http:\/\/vimeo.com\/78264145<\/a> ), Marc Lortie s\u2019est servi de la pi\u00e8ce pour accompagner un diaporama qu\u2019il a cr\u00e9\u00e9.<\/p>\n<p style=\"text-align: center;\">Le groupe s\u2019est produit quelques fois au Festival international de la percussion de Longueuil<\/p>\n<p>&nbsp;<\/p>\n<p>En 2003 est n\u00e9 un groupe instrumental qui s\u2019est appel\u00e9 Idem Jazz. Le groupe s\u2019est produit en public deux fois et 4 ans plus tard soit en 2007 un CD est sorti sur Green Glass records CD 001 Il m\u2019en reste quelques copies\u2026<\/p>\n<p><a href=\"http:\/\/www.gillesschetagne.com\/wp-content\/uploads\/2016\/09\/idemjazz.jpg\"><img loading=\"lazy\" decoding=\"async\" class=\"size-full wp-image-253 aligncenter\" src=\"https:\/\/www.gillesschetagne.com\/wp-content\/uploads\/2016\/09\/idemjazz.jpg\" alt=\"idemjazz\" width=\"400\" height=\"269\" srcset=\"https:\/\/www.gillesschetagne.com\/wp-content\/uploads\/2016\/09\/idemjazz.jpg 400w, https:\/\/www.gillesschetagne.com\/wp-content\/uploads\/2016\/09\/idemjazz-300x202.jpg 300w\" sizes=\"auto, (max-width: 400px) 100vw, 400px\" \/><\/a><a href=\"http:\/\/www.gillesschetagne.com\/wp-content\/uploads\/2016\/09\/idem-jazz458x343.jpg\"><img loading=\"lazy\" decoding=\"async\" class=\"size-full wp-image-252 aligncenter\" src=\"https:\/\/www.gillesschetagne.com\/wp-content\/uploads\/2016\/09\/idem-jazz458x343.jpg\" alt=\"idem-jazz458x343\" width=\"457\" height=\"343\" srcset=\"https:\/\/www.gillesschetagne.com\/wp-content\/uploads\/2016\/09\/idem-jazz458x343.jpg 457w, https:\/\/www.gillesschetagne.com\/wp-content\/uploads\/2016\/09\/idem-jazz458x343-400x300.jpg 400w, https:\/\/www.gillesschetagne.com\/wp-content\/uploads\/2016\/09\/idem-jazz458x343-300x225.jpg 300w\" sizes=\"auto, (max-width: 457px) 100vw, 457px\" \/><\/a><a href=\"http:\/\/www.gillesschetagne.com\/wp-content\/uploads\/2016\/09\/idm-booklet.jpg\"><img loading=\"lazy\" decoding=\"async\" class=\" wp-image-254 aligncenter\" src=\"https:\/\/www.gillesschetagne.com\/wp-content\/uploads\/2016\/09\/idm-booklet.jpg\" alt=\"idm-booklet\" width=\"541\" height=\"425\" srcset=\"https:\/\/www.gillesschetagne.com\/wp-content\/uploads\/2016\/09\/idm-booklet.jpg 600w, https:\/\/www.gillesschetagne.com\/wp-content\/uploads\/2016\/09\/idm-booklet-400x314.jpg 400w, https:\/\/www.gillesschetagne.com\/wp-content\/uploads\/2016\/09\/idm-booklet-300x236.jpg 300w\" sizes=\"auto, (max-width: 541px) 100vw, 541px\" \/><\/a>Idem jouait exclusivement de la musique compos\u00e9e par les membres du groupe. \u00c7a ressemblait beaucoup \u00e0 Maneige comme concept. Tous les membres de ce groupe \u00e9taient aussi des enseignants, c\u2019\u00e9tait tr\u00e8s compliqu\u00e9 avec les horaires de chacun de r\u00e9ussir \u00e0 se rassembler pour jouer donc, peu \u00e0 peu, la flamme s\u2019est \u00e9teinte&#8230;<\/p>\n<p>&nbsp;<\/p>\n<p>En 2004 c\u2019est la naissance du groupe <a href=\"http:\/\/bluesdelight.com\/\">Blues Delight<\/a> qui est encore \u00e0 ce jour bien en vie. En plus de faire des spectacles sur sc\u00e8ne, Blues Delight produit des chansons originales de style blues sur disques. Le groupe a aujourd\u2019hui 3 albums \u00e0 son actif.<\/p>\n<p><a href=\"http:\/\/www.gillesschetagne.com\/wp-content\/uploads\/2016\/09\/blues-delight.jpg\"><img loading=\"lazy\" decoding=\"async\" class=\"wp-image-228 aligncenter\" src=\"https:\/\/www.gillesschetagne.com\/wp-content\/uploads\/2016\/09\/blues-delight.jpg\" alt=\"blues-delight\" width=\"542\" height=\"478\" srcset=\"https:\/\/www.gillesschetagne.com\/wp-content\/uploads\/2016\/09\/blues-delight.jpg 363w, https:\/\/www.gillesschetagne.com\/wp-content\/uploads\/2016\/09\/blues-delight-100x88.jpg 100w, https:\/\/www.gillesschetagne.com\/wp-content\/uploads\/2016\/09\/blues-delight-300x264.jpg 300w\" sizes=\"auto, (max-width: 542px) 100vw, 542px\" \/><\/a><\/p>\n<p>&nbsp;<\/p>\n<p>En 2006, j\u2019ai commenc\u00e9 l\u2019\u00e9laboration d\u2019un projet bien sp\u00e9cial. Composer une musique pour chacun des mois de l\u2019ann\u00e9e. J\u2019ai termin\u00e9 le projet en 2013 et vous pouvez le trouver dans la section &#8220;Achat&#8221; du site.<\/p>\n<p>&nbsp;<\/p>\n<p>En 2009, j\u2019ai eu l\u2019immense plaisir de composer et produire la musique pour le DVD Golf-Tonus PTMT<\/p>\n<p><a href=\"http:\/\/www.golf-tonus.com\/\"><img loading=\"lazy\" decoding=\"async\" class=\"size-full wp-image-494 aligncenter\" src=\"https:\/\/www.gillesschetagne.com\/wp-content\/uploads\/2016\/10\/image001.jpg\" alt=\"image001\" width=\"115\" height=\"49\" srcset=\"https:\/\/www.gillesschetagne.com\/wp-content\/uploads\/2016\/10\/image001.jpg 115w, https:\/\/www.gillesschetagne.com\/wp-content\/uploads\/2016\/10\/image001-100x43.jpg 100w\" sizes=\"auto, (max-width: 115px) 100vw, 115px\" \/><\/a><\/p>\n<p style=\"text-align: center;\"><img loading=\"lazy\" decoding=\"async\" class=\"wp-image-303 aligncenter\" src=\"https:\/\/www.gillesschetagne.com\/wp-content\/uploads\/2016\/09\/sylvie.jpg\" alt=\"sylvie\" width=\"308\" height=\"205\" srcset=\"https:\/\/www.gillesschetagne.com\/wp-content\/uploads\/2016\/09\/sylvie.jpg 200w, https:\/\/www.gillesschetagne.com\/wp-content\/uploads\/2016\/09\/sylvie-100x67.jpg 100w\" sizes=\"auto, (max-width: 308px) 100vw, 308px\" \/>Ce fut bien agr\u00e9able de travailler avec ma fille Sylvie&#8230;<\/p>\n<p>&nbsp;<\/p>\n<p>En 2013 j\u2019ai fait la connaissance d\u2019un groupe de vieux copains qui avaient jou\u00e9 ensemble dans les ann\u00e9es 70 et qui avaient d\u00e9laiss\u00e9 leur groupe depuis une trentaine d\u2019ann\u00e9es.<\/p>\n<p style=\"text-align: center;\"><a href=\"http:\/\/www.gillesschetagne.com\/wp-content\/uploads\/2016\/09\/2209133.jpg\"><img loading=\"lazy\" decoding=\"async\" class=\"wp-image-221 aligncenter\" src=\"https:\/\/www.gillesschetagne.com\/wp-content\/uploads\/2016\/09\/2209133.jpg\" alt=\"2209133\" width=\"572\" height=\"381\" srcset=\"https:\/\/www.gillesschetagne.com\/wp-content\/uploads\/2016\/09\/2209133.jpg 602w, https:\/\/www.gillesschetagne.com\/wp-content\/uploads\/2016\/09\/2209133-400x266.jpg 400w, https:\/\/www.gillesschetagne.com\/wp-content\/uploads\/2016\/09\/2209133-600x400.jpg 600w, https:\/\/www.gillesschetagne.com\/wp-content\/uploads\/2016\/09\/2209133-300x200.jpg 300w\" sizes=\"auto, (max-width: 572px) 100vw, 572px\" \/><\/a>Les Crackpops poss\u00e8dent un r\u00e9pertoire pour faire de beaux partys. Que se soit dans une cour, une salle ou sur une sc\u00e8ne, la musique des ann\u00e9es soixante est \u00e0 l\u2019honneur. C\u2019est simple, pas compliqu\u00e9\u2026<\/p>\n<p style=\"text-align: center;\"><a href=\"#top\">Retour en haut de la page<\/a><\/p>\n","protected":false},"excerpt":{"rendered":"<p>Des exp\u00e9riences enrichissantes En 1974, j\u2019ai du laisser de c\u00f4t\u00e9 mes accompagnements d\u2019artistes vedettes afin de parfaire mon examen concours qui \u00e9tait l\u2019aboutissement final de mes \u00e9tudes en percussion au Conservatoire. Je devais donc faire partie de tous les ensembles musicaux de l\u2019\u00e9tablissement. J\u2019ai fait mes premi\u00e8res armes dans le jazz avec \u00abL\u2019ensemble de jazz [&hellip;]<\/p>\n","protected":false},"author":1,"featured_media":0,"parent":0,"menu_order":0,"comment_status":"closed","ping_status":"closed","template":"template-fullwidth.php","meta":{"slim_seo":{"title":"Exp\u00e9riences - Le site officiel de Gilles Schetagne","description":"Des exp\u00e9riences enrichissantes En 1974, j\u2019ai du laisser de c\u00f4t\u00e9 mes accompagnements d\u2019artistes vedettes afin de parfaire mon examen concours qui \u00e9tait l\u2019aboutis"},"footnotes":""},"class_list":["post-487","page","type-page","status-publish","hentry"],"_links":{"self":[{"href":"https:\/\/www.gillesschetagne.com\/index.php?rest_route=\/wp\/v2\/pages\/487","targetHints":{"allow":["GET"]}}],"collection":[{"href":"https:\/\/www.gillesschetagne.com\/index.php?rest_route=\/wp\/v2\/pages"}],"about":[{"href":"https:\/\/www.gillesschetagne.com\/index.php?rest_route=\/wp\/v2\/types\/page"}],"author":[{"embeddable":true,"href":"https:\/\/www.gillesschetagne.com\/index.php?rest_route=\/wp\/v2\/users\/1"}],"replies":[{"embeddable":true,"href":"https:\/\/www.gillesschetagne.com\/index.php?rest_route=%2Fwp%2Fv2%2Fcomments&post=487"}],"version-history":[{"count":17,"href":"https:\/\/www.gillesschetagne.com\/index.php?rest_route=\/wp\/v2\/pages\/487\/revisions"}],"predecessor-version":[{"id":833,"href":"https:\/\/www.gillesschetagne.com\/index.php?rest_route=\/wp\/v2\/pages\/487\/revisions\/833"}],"wp:attachment":[{"href":"https:\/\/www.gillesschetagne.com\/index.php?rest_route=%2Fwp%2Fv2%2Fmedia&parent=487"}],"curies":[{"name":"wp","href":"https:\/\/api.w.org\/{rel}","templated":true}]}}